{"id":56,"date":"2022-02-22T08:16:58","date_gmt":"2022-02-22T08:16:58","guid":{"rendered":"http:\/\/tv-menden.info\/?page_id=56"},"modified":"2024-06-26T15:36:46","modified_gmt":"2024-06-26T15:36:46","slug":"eltern-kind-turnen","status":"publish","type":"page","link":"https:\/\/tv-menden.info\/?page_id=56","title":{"rendered":"Eltern-Kind-Turnen"},"content":{"rendered":"\t\t<div data-elementor-type=\"wp-page\" data-elementor-id=\"56\" class=\"elementor elementor-56\">\n\t\t\t\t\t\t<section class=\"elementor-section elementor-top-section elementor-element elementor-element-6966680 elementor-section-boxed elementor-section-height-default elementor-section-height-default\" data-id=\"6966680\" data-element_type=\"section\" data-e-type=\"section\">\n\t\t\t\t\t\t<div class=\"elementor-container elementor-column-gap-default\">\n\t\t\t\t\t<div class=\"elementor-column elementor-col-100 elementor-top-column elementor-element elementor-element-bb40dbe\" data-id=\"bb40dbe\" data-element_type=\"column\" data-e-type=\"column\">\n\t\t\t<div class=\"elementor-widget-wrap elementor-element-populated\">\n\t\t\t\t\t\t<div class=\"elementor-element elementor-element-985104c elementor-widget elementor-widget-spacer\" data-id=\"985104c\" data-element_type=\"widget\" data-e-type=\"widget\" data-widget_type=\"spacer.default\">\n\t\t\t\t<div class=\"elementor-widget-container\">\n\t\t\t\t\t\t\t<div class=\"elementor-spacer\">\n\t\t\t<div class=\"elementor-spacer-inner\"><\/div>\n\t\t<\/div>\n\t\t\t\t\t\t<\/div>\n\t\t\t\t<\/div>\n\t\t\t\t\t<\/div>\n\t\t<\/div>\n\t\t\t\t\t<\/div>\n\t\t<\/section>\n\t\t\t\t<section class=\"elementor-section elementor-top-section elementor-element elementor-element-ac07225 elementor-section-boxed elementor-section-height-default elementor-section-height-default\" data-id=\"ac07225\" data-element_type=\"section\" data-e-type=\"section\">\n\t\t\t\t\t\t<div class=\"elementor-container elementor-column-gap-default\">\n\t\t\t\t\t<div class=\"elementor-column elementor-col-100 elementor-top-column elementor-element elementor-element-41f57e7\" data-id=\"41f57e7\" data-element_type=\"column\" data-e-type=\"column\">\n\t\t\t<div class=\"elementor-widget-wrap elementor-element-populated\">\n\t\t\t\t\t\t<div class=\"elementor-element elementor-element-6ef406b elementor-widget elementor-widget-heading\" data-id=\"6ef406b\" data-element_type=\"widget\" data-e-type=\"widget\" data-widget_type=\"heading.default\">\n\t\t\t\t<div class=\"elementor-widget-container\">\n\t\t\t\t\t<h4 class=\"elementor-heading-title elementor-size-default\">Termine: Dienstag um 15:30 und 16:30<\/h4>\t\t\t\t<\/div>\n\t\t\t\t<\/div>\n\t\t\t\t\t<\/div>\n\t\t<\/div>\n\t\t\t\t\t<\/div>\n\t\t<\/section>\n\t\t\t\t<section class=\"elementor-section elementor-top-section elementor-element elementor-element-6fd0b3d elementor-section-boxed elementor-section-height-default elementor-section-height-default\" data-id=\"6fd0b3d\" data-element_type=\"section\" data-e-type=\"section\">\n\t\t\t\t\t\t<div class=\"elementor-container elementor-column-gap-default\">\n\t\t\t\t\t<div class=\"elementor-column elementor-col-100 elementor-top-column elementor-element elementor-element-13ab472\" data-id=\"13ab472\" data-element_type=\"column\" data-e-type=\"column\">\n\t\t\t<div class=\"elementor-widget-wrap elementor-element-populated\">\n\t\t\t\t\t\t<div class=\"elementor-element elementor-element-b00493a elementor-widget elementor-widget-spacer\" data-id=\"b00493a\" data-element_type=\"widget\" data-e-type=\"widget\" data-widget_type=\"spacer.default\">\n\t\t\t\t<div class=\"elementor-widget-container\">\n\t\t\t\t\t\t\t<div class=\"elementor-spacer\">\n\t\t\t<div class=\"elementor-spacer-inner\"><\/div>\n\t\t<\/div>\n\t\t\t\t\t\t<\/div>\n\t\t\t\t<\/div>\n\t\t\t\t\t<\/div>\n\t\t<\/div>\n\t\t\t\t\t<\/div>\n\t\t<\/section>\n\t\t\t\t<section class=\"elementor-section elementor-top-section elementor-element elementor-element-feba98d elementor-section-boxed elementor-section-height-default elementor-section-height-default\" data-id=\"feba98d\" data-element_type=\"section\" data-e-type=\"section\">\n\t\t\t\t\t\t<div class=\"elementor-container elementor-column-gap-default\">\n\t\t\t\t\t<div class=\"elementor-column elementor-col-66 elementor-top-column elementor-element elementor-element-1409b17\" data-id=\"1409b17\" data-element_type=\"column\" data-e-type=\"column\">\n\t\t\t<div class=\"elementor-widget-wrap elementor-element-populated\">\n\t\t\t\t\t\t<div class=\"elementor-element elementor-element-82367a6 elementor-widget elementor-widget-text-editor\" data-id=\"82367a6\" data-element_type=\"widget\" data-e-type=\"widget\" data-widget_type=\"text-editor.default\">\n\t\t\t\t<div class=\"elementor-widget-container\">\n\t\t\t\t\t\t\t\t\t<p><strong>Spielerisch die Entwicklung f\u00f6rdern beim Eltern-Kind-Turnen\u00a0<\/strong><\/p><p>Mein\u00a0Name ist Margarete Muhr. Als\u00a0ausgebildete Gymnastiklehrerin leite ich u.a. seit vielen Jahren\u00a0Turngruppen f\u00fcr Kinder im Alter von eineinhalb bis vier Jahren mit\u00a0ihren Eltern.<br \/>Anders als beim\u00a0\u00fcblichen Kinderturnen sitzen hier Mama und Papa nicht nur auf der\u00a0Zuschauerbank, sondern sind in den Ablauf und vor allem als\u00a0Hilfestellung fest mit integriert.<br \/>An\u00a0erster Stelle steht in meinen Stunden der Spa\u00df an der Bewegung. Die\u00a0Kinder sollen sich selbst kennenlernen und ihre F\u00e4higkeiten\u00a0austesten.<br \/>Zu\u00a0Beginn einer jeden Stunde stehen Singspiele auf dem Programm. Danach\u00a0besch\u00e4ftigen wir uns mit Kleinger\u00e4ten wie Ball, Reifen,\u00a0Sands\u00e4ckchen, Seil und Frisbeescheiben. Im Hauptteil der Stunde bauen\u00a0wir gemeinsam Bewegungslandschaften aus gro\u00dfen Ger\u00e4ten wie\u00a0Minitrampolin, kleine und gro\u00dfe K\u00e4sten, B\u00e4nke, Barren, und\u00a0Weichbodenmatte auf. Hier hei\u00dft es\u00a0dann: klettern, balancieren, springen, schaukeln und purzeln was das\u00a0Zeug h\u00e4lt. Der Kreativit\u00e4t sind hierbei keine Grenzen gesetzt.<br \/>Die Stunde wird nach gemeinsamem Abbau der Bewegungslandschaft mit\u00a0einem Lied beendet.<br \/>Neben der Bewegung sind das Erlangen und die\u00a0Weiterentwicklung von sozialen F\u00e4higkeiten wie gegenseitiger\u00a0R\u00fccksichtnahme und die Aufnahme und Pflege sozialer Kontakte ein\u00a0wichtiges Ziel.<br \/>Auch Eltern und Kinder mit Migrationshintergrund\u00a0sind herzlich willkommen.<br \/>Ich freue mich, dass nicht nur Eltern mit ihren Kindern, sondern auch Gro\u00dfeltern und andere Bezugspersonen den Weg zu uns in die Turnhalle finden.<\/p>\t\t\t\t\t\t\t\t<\/div>\n\t\t\t\t<\/div>\n\t\t\t\t\t<\/div>\n\t\t<\/div>\n\t\t\t\t<div class=\"elementor-column elementor-col-33 elementor-top-column elementor-element elementor-element-6399711\" data-id=\"6399711\" data-element_type=\"column\" data-e-type=\"column\">\n\t\t\t<div class=\"elementor-widget-wrap elementor-element-populated\">\n\t\t\t\t\t\t<div class=\"elementor-element elementor-element-d6fcc39 elementor-position-top elementor-widget elementor-widget-image-box\" data-id=\"d6fcc39\" data-element_type=\"widget\" data-e-type=\"widget\" data-widget_type=\"image-box.default\">\n\t\t\t\t<div class=\"elementor-widget-container\">\n\t\t\t\t\t<div class=\"elementor-image-box-wrapper\"><figure class=\"elementor-image-box-img\"><img fetchpriority=\"high\" decoding=\"async\" width=\"1860\" height=\"1853\" src=\"https:\/\/tv-menden.info\/wp-content\/uploads\/2022\/02\/Ma_Mu-e1650657136899.jpg\" class=\"attachment-full size-full wp-image-257\" alt=\"\" srcset=\"https:\/\/tv-menden.info\/wp-content\/uploads\/2022\/02\/Ma_Mu-e1650657136899.jpg 1860w, https:\/\/tv-menden.info\/wp-content\/uploads\/2022\/02\/Ma_Mu-e1650657136899-300x300.jpg 300w, https:\/\/tv-menden.info\/wp-content\/uploads\/2022\/02\/Ma_Mu-e1650657136899-1024x1020.jpg 1024w, https:\/\/tv-menden.info\/wp-content\/uploads\/2022\/02\/Ma_Mu-e1650657136899-150x150.jpg 150w, https:\/\/tv-menden.info\/wp-content\/uploads\/2022\/02\/Ma_Mu-e1650657136899-768x765.jpg 768w, https:\/\/tv-menden.info\/wp-content\/uploads\/2022\/02\/Ma_Mu-e1650657136899-1536x1530.jpg 1536w\" sizes=\"(max-width: 1860px) 100vw, 1860px\" \/><\/figure><div class=\"elementor-image-box-content\"><p class=\"elementor-image-box-description\">Leitung: Margarete Muhr<br><\/p><\/div><\/div>\t\t\t\t<\/div>\n\t\t\t\t<\/div>\n\t\t\t\t\t<\/div>\n\t\t<\/div>\n\t\t\t\t\t<\/div>\n\t\t<\/section>\n\t\t\t\t<section class=\"elementor-section elementor-top-section elementor-element elementor-element-baf8959 elementor-section-boxed elementor-section-height-default elementor-section-height-default\" data-id=\"baf8959\" data-element_type=\"section\" data-e-type=\"section\">\n\t\t\t\t\t\t<div class=\"elementor-container elementor-column-gap-default\">\n\t\t\t\t\t<div class=\"elementor-column elementor-col-100 elementor-top-column elementor-element elementor-element-8c92875\" data-id=\"8c92875\" data-element_type=\"column\" data-e-type=\"column\">\n\t\t\t<div class=\"elementor-widget-wrap elementor-element-populated\">\n\t\t\t\t\t\t<div class=\"elementor-element elementor-element-04f7d6e elementor-widget elementor-widget-spacer\" data-id=\"04f7d6e\" data-element_type=\"widget\" data-e-type=\"widget\" data-widget_type=\"spacer.default\">\n\t\t\t\t<div class=\"elementor-widget-container\">\n\t\t\t\t\t\t\t<div class=\"elementor-spacer\">\n\t\t\t<div class=\"elementor-spacer-inner\"><\/div>\n\t\t<\/div>\n\t\t\t\t\t\t<\/div>\n\t\t\t\t<\/div>\n\t\t\t\t\t<\/div>\n\t\t<\/div>\n\t\t\t\t\t<\/div>\n\t\t<\/section>\n\t\t\t\t<section class=\"elementor-section elementor-top-section elementor-element elementor-element-7d64fe3 elementor-section-boxed elementor-section-height-default elementor-section-height-default\" data-id=\"7d64fe3\" data-element_type=\"section\" data-e-type=\"section\">\n\t\t\t\t\t\t<div class=\"elementor-container elementor-column-gap-default\">\n\t\t\t\t\t<div class=\"elementor-column elementor-col-100 elementor-top-column elementor-element elementor-element-3f8a41e\" data-id=\"3f8a41e\" data-element_type=\"column\" data-e-type=\"column\">\n\t\t\t<div class=\"elementor-widget-wrap elementor-element-populated\">\n\t\t\t\t\t\t<div class=\"elementor-element elementor-element-18b69d3 elementor-widget elementor-widget-heading\" data-id=\"18b69d3\" data-element_type=\"widget\" data-e-type=\"widget\" data-widget_type=\"heading.default\">\n\t\t\t\t<div class=\"elementor-widget-container\">\n\t\t\t\t\t<h4 class=\"elementor-heading-title elementor-size-default\">Bildergalerie Eltern-Kind Turnen<\/h4>\t\t\t\t<\/div>\n\t\t\t\t<\/div>\n\t\t\t\t\t<\/div>\n\t\t<\/div>\n\t\t\t\t\t<\/div>\n\t\t<\/section>\n\t\t\t\t<section class=\"elementor-section elementor-top-section elementor-element elementor-element-e317e41 elementor-section-boxed elementor-section-height-default elementor-section-height-default\" data-id=\"e317e41\" data-element_type=\"section\" data-e-type=\"section\">\n\t\t\t\t\t\t<div class=\"elementor-container elementor-column-gap-default\">\n\t\t\t\t\t<div class=\"elementor-column elementor-col-100 elementor-top-column elementor-element elementor-element-14ef8bd\" data-id=\"14ef8bd\" data-element_type=\"column\" data-e-type=\"column\">\n\t\t\t<div class=\"elementor-widget-wrap elementor-element-populated\">\n\t\t\t\t\t\t<div class=\"elementor-element elementor-element-a201399 elementor-arrows-position-inside elementor-pagination-position-outside elementor-widget elementor-widget-image-carousel\" data-id=\"a201399\" data-element_type=\"widget\" data-e-type=\"widget\" data-settings=\"{&quot;navigation&quot;:&quot;both&quot;,&quot;autoplay&quot;:&quot;yes&quot;,&quot;pause_on_hover&quot;:&quot;yes&quot;,&quot;pause_on_interaction&quot;:&quot;yes&quot;,&quot;autoplay_speed&quot;:5000,&quot;infinite&quot;:&quot;yes&quot;,&quot;speed&quot;:500}\" data-widget_type=\"image-carousel.default\">\n\t\t\t\t<div class=\"elementor-widget-container\">\n\t\t\t\t\t\t\t<div class=\"elementor-image-carousel-wrapper swiper\" role=\"region\" aria-roledescription=\"carousel\" aria-label=\"Bild Karussell\" dir=\"ltr\">\n\t\t\t<div class=\"elementor-image-carousel swiper-wrapper\" aria-live=\"off\">\n\t\t\t\t\t\t\t\t<div class=\"swiper-slide\" role=\"group\" aria-roledescription=\"slide\" aria-label=\"1 von 5\"><figure class=\"swiper-slide-inner\"><img decoding=\"async\" class=\"swiper-slide-image\" src=\"https:\/\/tv-menden.info\/wp-content\/uploads\/2022\/05\/DSC03443-150x150.jpg\" alt=\"DSC03443\" \/><\/figure><\/div><div class=\"swiper-slide\" role=\"group\" aria-roledescription=\"slide\" aria-label=\"2 von 5\"><figure class=\"swiper-slide-inner\"><img decoding=\"async\" class=\"swiper-slide-image\" src=\"https:\/\/tv-menden.info\/wp-content\/uploads\/2022\/05\/DSC03444-150x150.jpg\" alt=\"DSC03444\" \/><\/figure><\/div><div class=\"swiper-slide\" role=\"group\" aria-roledescription=\"slide\" aria-label=\"3 von 5\"><figure class=\"swiper-slide-inner\"><img decoding=\"async\" class=\"swiper-slide-image\" src=\"https:\/\/tv-menden.info\/wp-content\/uploads\/2022\/05\/DSC03445-150x150.jpg\" alt=\"DSC03445\" \/><\/figure><\/div><div class=\"swiper-slide\" role=\"group\" aria-roledescription=\"slide\" aria-label=\"4 von 5\"><figure class=\"swiper-slide-inner\"><img decoding=\"async\" class=\"swiper-slide-image\" src=\"https:\/\/tv-menden.info\/wp-content\/uploads\/2022\/05\/DSC03446-150x150.jpg\" alt=\"DSC03446\" \/><\/figure><\/div><div class=\"swiper-slide\" role=\"group\" aria-roledescription=\"slide\" aria-label=\"5 von 5\"><figure class=\"swiper-slide-inner\"><img decoding=\"async\" class=\"swiper-slide-image\" src=\"https:\/\/tv-menden.info\/wp-content\/uploads\/2022\/05\/DSC03447-150x150.jpg\" alt=\"DSC03447\" \/><\/figure><\/div>\t\t\t<\/div>\n\t\t\t\t\t\t\t\t\t\t\t\t<div class=\"elementor-swiper-button elementor-swiper-button-prev\" role=\"button\" tabindex=\"0\">\n\t\t\t\t\t\t<i aria-hidden=\"true\" class=\"eicon-chevron-left\"><\/i>\t\t\t\t\t<\/div>\n\t\t\t\t\t<div class=\"elementor-swiper-button elementor-swiper-button-next\" role=\"button\" tabindex=\"0\">\n\t\t\t\t\t\t<i aria-hidden=\"true\" class=\"eicon-chevron-right\"><\/i>\t\t\t\t\t<\/div>\n\t\t\t\t\n\t\t\t\t\t\t\t\t\t<div class=\"swiper-pagination\"><\/div>\n\t\t\t\t\t\t\t\t\t<\/div>\n\t\t\t\t\t\t<\/div>\n\t\t\t\t<\/div>\n\t\t\t\t\t<\/div>\n\t\t<\/div>\n\t\t\t\t\t<\/div>\n\t\t<\/section>\n\t\t\t\t<\/div>\n\t\t","protected":false},"excerpt":{"rendered":"<p>Termine: Dienstag um 15:30 und 16:30 Spielerisch die Entwicklung f\u00f6rdern beim Eltern-Kind-Turnen\u00a0 Mein\u00a0Name ist Margarete Muhr. Als\u00a0ausgebildete Gymnastiklehrerin leite ich u.a. seit vielen Jahren\u00a0Turngruppen f\u00fcr [&#8230;]<\/p>\n","protected":false},"author":1,"featured_media":0,"parent":0,"menu_order":0,"comment_status":"closed","ping_status":"closed","template":"","meta":{"footnotes":""},"class_list":["post-56","page","type-page","status-publish","hentry"],"jetpack_sharing_enabled":true,"_links":{"self":[{"href":"https:\/\/tv-menden.info\/index.php?rest_route=\/wp\/v2\/pages\/56","targetHints":{"allow":["GET"]}}],"collection":[{"href":"https:\/\/tv-menden.info\/index.php?rest_route=\/wp\/v2\/pages"}],"about":[{"href":"https:\/\/tv-menden.info\/index.php?rest_route=\/wp\/v2\/types\/page"}],"author":[{"embeddable":true,"href":"https:\/\/tv-menden.info\/index.php?rest_route=\/wp\/v2\/users\/1"}],"replies":[{"embeddable":true,"href":"https:\/\/tv-menden.info\/index.php?rest_route=%2Fwp%2Fv2%2Fcomments&post=56"}],"version-history":[{"count":22,"href":"https:\/\/tv-menden.info\/index.php?rest_route=\/wp\/v2\/pages\/56\/revisions"}],"predecessor-version":[{"id":2142,"href":"https:\/\/tv-menden.info\/index.php?rest_route=\/wp\/v2\/pages\/56\/revisions\/2142"}],"wp:attachment":[{"href":"https:\/\/tv-menden.info\/index.php?rest_route=%2Fwp%2Fv2%2Fmedia&parent=56"}],"curies":[{"name":"wp","href":"https:\/\/api.w.org\/{rel}","templated":true}]}}